{"id":446,"date":"2017-09-21T09:52:53","date_gmt":"2017-09-21T09:52:53","guid":{"rendered":"https:\/\/www.ofertassegurossalud.com\/?page_id=446"},"modified":"2025-07-31T09:10:31","modified_gmt":"2025-07-31T07:10:31","slug":"autonomos-empresas","status":"publish","type":"page","link":"https:\/\/www.ofertassegurossalud.com\/es\/autonomos-empresas\/","title":{"rendered":"Ofertas en Seguros de Salud para Aut\u00f3nomos y Empresas"},"content":{"rendered":"<div class=\"wpb-content-wrapper\"><p>[vc_row id=\u00bbmain-heading\u00bb background_color=\u00bb#009ddd\u00bb padding_bottom=\u00bb0&#8243;][vc_column][vc_custom_heading text=\u00bbOfertas en seguros de salud para aut\u00f3nomos y empresas\u00bb font_container=\u00bbtag:h1|text_align:center|color:%23ffffff\u00bb use_theme_fonts=\u00bbyes\u00bb css_animation=\u00bbnone\u00bb css=\u00bb.vc_custom_1671187755157{margin-top: 0px !important;}\u00bb][\/vc_column][\/vc_row][vc_row full_width=\u00bbtrue\u00bb background_image=\u00bb1383&#8243; background_position=\u00bbCenter center\u00bb padding_top=\u00bb65&#8243; padding_bottom=\u00bb65&#8243; el_class=\u00bbalign-items-center\u00bb][vc_column][vc_row_inner][vc_column_inner width=\u00bb1\/2&#8243;][vc_single_image image=\u00bb1385&#8243; img_size=\u00bbfull\u00bb][\/vc_column_inner][vc_column_inner el_class=\u00bbpromoinfo\u00bb width=\u00bb1\/2&#8243;][\/vc_column_inner][\/vc_row_inner][\/vc_column][\/vc_row][vc_row full_width=\u00bbtrue\u00bb background_color=\u00bb#e9eef5&#8243; padding_top=\u00bb30&#8243; padding_bottom=\u00bb0&#8243;][vc_column][vc_row_inner][vc_column_inner]<div class='gap nz-clearfix' style='height:70px'>&nbsp;<\/div>[vc_custom_heading text=\u00bbOfertas en seguros para pymes y aut\u00f3nomos\u00bb font_container=\u00bbtag:h2|font_size:32|text_align:center|color:%23009ddd\u00bb use_theme_fonts=\u00bbyes\u00bb]<div class='gap nz-clearfix' style='height:15px'>&nbsp;<\/div>[vc_separator color=\u00bbcustom\u00bb border_width=\u00bb2&#8243; el_width=\u00bb80&#8243; accent_color=\u00bb#009ddd\u00bb][\/vc_column_inner][\/vc_row_inner][vc_row_inner][vc_column_inner][vc_column_text pl=\u00bb120&#8243; pr=\u00bb120&#8243;]<\/p>\n<p style=\"text-align: center;\"><span style=\"color: #999999; font-size: 18px; line-height: 28px;\">Si est\u00e1s buscando ofertas en seguro de salud para empresas tienes que saber que en Adeslas contamos con una p\u00f3liza que est\u00e1 pensada para empresas que tengan desde 5 hasta 99 trabajadores. Son seguros que te ofrecen una atenci\u00f3n m\u00e9dica privada de gran calidad as\u00ed como una completa cobertura dental.<\/span><\/p>\n<p>[\/vc_column_text][\/vc_column_inner][\/vc_row_inner]<div class='gap nz-clearfix' style='height:35px'>&nbsp;<\/div>[\/vc_column][\/vc_row][vc_row full_width=\u00bbtrue\u00bb][vc_column width=\u00bb1\/3&#8243; pl=\u00bb10&#8243; pr=\u00bb10&#8243; pt=\u00bb10&#8243; pb=\u00bb10&#8243;][vc_row_inner][vc_column_inner][vc_single_image image=\u00bb1489&#8243; img_size=\u00bbfull\u00bb]<div class=\"ult_pricing_table_wrap ult_design_2  ult-cs-custom  \">\n\t\t\t\t\t<div class=\"ult_pricing_table  \" style=\"background:#ffffff;color:#009ddd;\"><div id=\"price-table-wrap-3142\" class=\"ult_pricing_heading\" style=\"background:#009ddd;color:#ffffff;\">\n\t\t\t\t\t\t\t<h3  data-ultimate-target='#price-table-wrap-3142 .cust-headformat'  data-responsive-json-new='{\"font-size\":\"\",\"line-height\":\"\"}'  class=\"price-heading ult-responsive cust-headformat\" style=\"font-weight:normal;\">Adeslas AUT\u00d3NOMOS y familiares<\/h3><h5  data-ultimate-target='#price-table-wrap-3142 .cust-subhead'  data-responsive-json-new='{\"font-size\":\"\",\"line-height\":\"\"}'  class=\"price-subheading ult-responsive cust-subhead\" style=\"font-weight:normal;\">Prima fiscalmente deducible, incluyendo la del c\u00f3nyuge e hijos menores de 25 a\u00f1os<\/h5><\/div><!--ult_pricing_heading--><div class=\"ult_price_body_block\">\n\t\t\t\t\t\t\t<div class=\"ult_price_body\">\n\t\t\t\t\t\t\t\t<div id=\"price-table-wrap-1992\" class=\"ult_price\">\n\t\t\t\t\t\t\t\t\t<span  data-ultimate-target='#price-table-wrap-1992 .ult_price_figure'  data-responsive-json-new='{\"font-size\":\"\",\"line-height\":\"\"}'  class=\"ult_price_figure ult-responsive\" style=\"font-weight:normal;\"><\/span>\n\t\t\t\t\t\t\t\t\t<span  data-ultimate-target='#price-table-wrap-1992 .ult_price_term'  data-responsive-json-new='{\"font-size\":\"\",\"line-height\":\"\"}'  class=\"ult_price_term ult-responsive\" style=\"font-weight:normal;\"><\/span>\n\t\t\t\t\t\t\t\t<\/div>\n\t\t\t\t\t\t\t<\/div>\n\t\t\t\t\t\t<\/div><!--ult_price_body_block--><div id=\"price-table-features-wrap-6930\" class=\"ult_price_features ult-responsive\"  data-ultimate-target='#price-table-features-wrap-6930'  data-responsive-json-new='{\"font-size\":\"\",\"line-height\":\"\"}'  style=\"font-weight:normal;\">\n\t\t\t\t\t\t\t\n\t\t\t\t\t\t<\/div><!--ult_price_features--><div class=\"ult_clr\"><\/div>\n\t\t\t<\/div><!--pricing_table-->\n\t\t<\/div><!--pricing_table_wrap-->[\/vc_column_inner][\/vc_row_inner][\/vc_column][vc_column width=\u00bb1\/3&#8243; pl=\u00bb10&#8243; pr=\u00bb10&#8243; pt=\u00bb10&#8243; pb=\u00bb10&#8243;][vc_row_inner][vc_column_inner][vc_single_image image=\u00bb1491&#8243; img_size=\u00bbfull\u00bb]<div class=\"ult_pricing_table_wrap ult_design_2  ult-cs-custom  \">\n\t\t\t\t\t<div class=\"ult_pricing_table  \" style=\"background:#ffffff;color:#009ddd;\"><div id=\"price-table-wrap-7999\" class=\"ult_pricing_heading\" style=\"background:#009ddd;color:#ffffff;\">\n\t\t\t\t\t\t\t<h3  data-ultimate-target='#price-table-wrap-7999 .cust-headformat'  data-responsive-json-new='{\"font-size\":\"\",\"line-height\":\"\"}'  class=\"price-heading ult-responsive cust-headformat\" style=\"font-weight:normal;\">Adeslas CIF EMPRESAS 1 a 4 trabajadores<\/h3><h5  data-ultimate-target='#price-table-wrap-7999 .cust-subhead'  data-responsive-json-new='{\"font-size\":\"\",\"line-height\":\"\"}'  class=\"price-subheading ult-responsive cust-subhead\" style=\"font-weight:normal;\">Prima fiscalmente deducible 100%, extensible a familiares directos<\/h5><\/div><!--ult_pricing_heading--><div class=\"ult_price_body_block\">\n\t\t\t\t\t\t\t<div class=\"ult_price_body\">\n\t\t\t\t\t\t\t\t<div id=\"price-table-wrap-4601\" class=\"ult_price\">\n\t\t\t\t\t\t\t\t\t<span  data-ultimate-target='#price-table-wrap-4601 .ult_price_figure'  data-responsive-json-new='{\"font-size\":\"\",\"line-height\":\"\"}'  class=\"ult_price_figure ult-responsive\" style=\"font-weight:normal;\"><\/span>\n\t\t\t\t\t\t\t\t\t<span  data-ultimate-target='#price-table-wrap-4601 .ult_price_term'  data-responsive-json-new='{\"font-size\":\"\",\"line-height\":\"\"}'  class=\"ult_price_term ult-responsive\" style=\"font-weight:normal;\"><\/span>\n\t\t\t\t\t\t\t\t<\/div>\n\t\t\t\t\t\t\t<\/div>\n\t\t\t\t\t\t<\/div><!--ult_price_body_block--><div id=\"price-table-features-wrap-7357\" class=\"ult_price_features ult-responsive\"  data-ultimate-target='#price-table-features-wrap-7357'  data-responsive-json-new='{\"font-size\":\"\",\"line-height\":\"\"}'  style=\"font-weight:normal;\">\n\t\t\t\t\t\t\t\n\t\t\t\t\t\t<\/div><!--ult_price_features--><div class=\"ult_clr\"><\/div>\n\t\t\t<\/div><!--pricing_table-->\n\t\t<\/div><!--pricing_table_wrap-->[\/vc_column_inner][\/vc_row_inner][\/vc_column][vc_column width=\u00bb1\/3&#8243;][vc_row_inner][vc_column_inner][vc_single_image image=\u00bb1493&#8243; img_size=\u00bbfull\u00bb]<div class=\"ult_pricing_table_wrap ult_design_2  ult-cs-custom  \">\n\t\t\t\t\t<div class=\"ult_pricing_table  \" style=\"background:#ffffff;color:#009ddd;\"><div id=\"price-table-wrap-2911\" class=\"ult_pricing_heading\" style=\"background:#009ddd;color:#ffffff;\">\n\t\t\t\t\t\t\t<h3  data-ultimate-target='#price-table-wrap-2911 .cust-headformat'  data-responsive-json-new='{\"font-size\":\"\",\"line-height\":\"\"}'  class=\"price-heading ult-responsive cust-headformat\" style=\"font-weight:normal;\">Adeslas CIF EMPRESAS 5 a 99 trabajadores<\/h3><h5  data-ultimate-target='#price-table-wrap-2911 .cust-subhead'  data-responsive-json-new='{\"font-size\":\"\",\"line-height\":\"\"}'  class=\"price-subheading ult-responsive cust-subhead\" style=\"font-weight:normal;\">TRAMO AMPLIO DE 00 A 67 A\u00d1OS Prima fiscalmente deducible 100%. Extensible a familiares directos. Sin carencias a partir de 12 asegurados<\/h5><\/div><!--ult_pricing_heading--><div class=\"ult_price_body_block\">\n\t\t\t\t\t\t\t<div class=\"ult_price_body\">\n\t\t\t\t\t\t\t\t<div id=\"price-table-wrap-5740\" class=\"ult_price\">\n\t\t\t\t\t\t\t\t\t<span  data-ultimate-target='#price-table-wrap-5740 .ult_price_figure'  data-responsive-json-new='{\"font-size\":\"\",\"line-height\":\"\"}'  class=\"ult_price_figure ult-responsive\" style=\"font-weight:normal;\"><\/span>\n\t\t\t\t\t\t\t\t\t<span  data-ultimate-target='#price-table-wrap-5740 .ult_price_term'  data-responsive-json-new='{\"font-size\":\"\",\"line-height\":\"\"}'  class=\"ult_price_term ult-responsive\" style=\"font-weight:normal;\"><\/span>\n\t\t\t\t\t\t\t\t<\/div>\n\t\t\t\t\t\t\t<\/div>\n\t\t\t\t\t\t<\/div><!--ult_price_body_block--><div id=\"price-table-features-wrap-9718\" class=\"ult_price_features ult-responsive\"  data-ultimate-target='#price-table-features-wrap-9718'  data-responsive-json-new='{\"font-size\":\"\",\"line-height\":\"\"}'  style=\"font-weight:normal;\">\n\t\t\t\t\t\t\t\n\t\t\t\t\t\t<\/div><!--ult_price_features--><div class=\"ult_clr\"><\/div>\n\t\t\t<\/div><!--pricing_table-->\n\t\t<\/div><!--pricing_table_wrap-->[\/vc_column_inner][\/vc_row_inner][\/vc_column][\/vc_row][vc_row full_width=\u00bbtrue\u00bb][vc_column width=\u00bb1\/2&#8243;][vc_row_inner][vc_column_inner][vc_single_image image=\u00bb8807&#8243; img_size=\u00bbfull\u00bb css=\u00bb\u00bb]<div class=\"ult_pricing_table_wrap ult_design_2  ult-cs-custom  \">\n\t\t\t\t\t<div class=\"ult_pricing_table  \" style=\"background:#ffffff;color:#009ddd;\"><div id=\"price-table-wrap-6396\" class=\"ult_pricing_heading\" style=\"background:#009ddd;color:#ffffff;\">\n\t\t\t\t\t\t\t<h3  data-ultimate-target='#price-table-wrap-6396 .cust-headformat'  data-responsive-json-new='{\"font-size\":\"\",\"line-height\":\"\"}'  class=\"price-heading ult-responsive cust-headformat\" style=\"font-weight:normal;\">Adeslas PYMES TOTAL<\/h3><h5  data-ultimate-target='#price-table-wrap-6396 .cust-subhead'  data-responsive-json-new='{\"font-size\":\"\",\"line-height\":\"\"}'  class=\"price-subheading ult-responsive cust-subhead\" style=\"font-weight:normal;\">Tu seguro con hospitalizaci\u00f3n m\u00e1s completo: salud y dental, sin copagos y el mismo precio durante 3 a\u00f1os<\/h5><\/div><!--ult_pricing_heading--><div class=\"ult_price_body_block\">\n\t\t\t\t\t\t\t<div class=\"ult_price_body\">\n\t\t\t\t\t\t\t\t<div id=\"price-table-wrap-9483\" class=\"ult_price\">\n\t\t\t\t\t\t\t\t\t<span  data-ultimate-target='#price-table-wrap-9483 .ult_price_figure'  data-responsive-json-new='{\"font-size\":\"\",\"line-height\":\"\"}'  class=\"ult_price_figure ult-responsive\" style=\"font-weight:normal;\"><\/span>\n\t\t\t\t\t\t\t\t\t<span  data-ultimate-target='#price-table-wrap-9483 .ult_price_term'  data-responsive-json-new='{\"font-size\":\"\",\"line-height\":\"\"}'  class=\"ult_price_term ult-responsive\" style=\"font-weight:normal;\"><\/span>\n\t\t\t\t\t\t\t\t<\/div>\n\t\t\t\t\t\t\t<\/div>\n\t\t\t\t\t\t<\/div><!--ult_price_body_block--><div id=\"price-table-features-wrap-6186\" class=\"ult_price_features ult-responsive\"  data-ultimate-target='#price-table-features-wrap-6186'  data-responsive-json-new='{\"font-size\":\"\",\"line-height\":\"\"}'  style=\"font-weight:normal;\">\n\t\t\t\t\t\t\t\n\t\t\t\t\t\t<\/div><!--ult_price_features--><div class=\"ult_clr\"><\/div>\n\t\t\t<\/div><!--pricing_table-->\n\t\t<\/div><!--pricing_table_wrap-->[\/vc_column_inner][\/vc_row_inner][\/vc_column][vc_column width=\u00bb1\/2&#8243;][vc_row_inner][vc_column_inner][vc_single_image image=\u00bb1495&#8243; img_size=\u00bbfull\u00bb]<div class=\"ult_pricing_table_wrap ult_design_2  ult-cs-custom  \">\n\t\t\t\t\t<div class=\"ult_pricing_table  \" style=\"background:#ffffff;color:#009ddd;\"><div id=\"price-table-wrap-6876\" class=\"ult_pricing_heading\" style=\"background:#009ddd;color:#ffffff;\">\n\t\t\t\t\t\t\t<h3  data-ultimate-target='#price-table-wrap-6876 .cust-headformat'  data-responsive-json-new='{\"font-size\":\"\",\"line-height\":\"\"}'  class=\"price-heading ult-responsive cust-headformat\" style=\"font-weight:normal;\">Adeslas GRANDES COLECTIVOS + de 99 trabajadores<\/h3><h5  data-ultimate-target='#price-table-wrap-6876 .cust-subhead'  data-responsive-json-new='{\"font-size\":\"\",\"line-height\":\"\"}'  class=\"price-subheading ult-responsive cust-subhead\" style=\"font-weight:normal;\">Prima fiscalmente deducible 100%. Extensible a familiares directos. Sin carencias a partir de 12 asegurados. Sin cuestionario a partir de 50 trabajadores<\/h5><\/div><!--ult_pricing_heading--><div class=\"ult_price_body_block\">\n\t\t\t\t\t\t\t<div class=\"ult_price_body\">\n\t\t\t\t\t\t\t\t<div id=\"price-table-wrap-9207\" class=\"ult_price\">\n\t\t\t\t\t\t\t\t\t<span  data-ultimate-target='#price-table-wrap-9207 .ult_price_figure'  data-responsive-json-new='{\"font-size\":\"\",\"line-height\":\"\"}'  class=\"ult_price_figure ult-responsive\" style=\"font-weight:normal;\"><\/span>\n\t\t\t\t\t\t\t\t\t<span  data-ultimate-target='#price-table-wrap-9207 .ult_price_term'  data-responsive-json-new='{\"font-size\":\"\",\"line-height\":\"\"}'  class=\"ult_price_term ult-responsive\" style=\"font-weight:normal;\"><\/span>\n\t\t\t\t\t\t\t\t<\/div>\n\t\t\t\t\t\t\t<\/div>\n\t\t\t\t\t\t<\/div><!--ult_price_body_block--><div id=\"price-table-features-wrap-7438\" class=\"ult_price_features ult-responsive\"  data-ultimate-target='#price-table-features-wrap-7438'  data-responsive-json-new='{\"font-size\":\"\",\"line-height\":\"\"}'  style=\"font-weight:normal;\">\n\t\t\t\t\t\t\t\n\t\t\t\t\t\t<\/div><!--ult_price_features--><div class=\"ult_clr\"><\/div>\n\t\t\t<\/div><!--pricing_table-->\n\t\t<\/div><!--pricing_table_wrap-->[\/vc_column_inner][\/vc_row_inner][\/vc_column][\/vc_row][vc_row full_width=\u00bbtrue\u00bb][vc_column]<div class=\"nz-accordion \" data-collapsible=false><div class=\"false toggle-title nz-clearfix\"><span class=\"toggle-title-header\"><span>Ofertas de salud<\/span><\/span><span class=\"arrow icon-plus4\"><\/span><\/div> <div id=\"ofertas-de-salud\" class=\"toggle-content nz-clearfix\"><\/p>\n<h2>Ofertas en seguros de salud para aut\u00f3nomos y pymes<\/h2>\n<p>Tanto si eres un aut\u00f3nomo como si trabajas para una empresa tienes que saber que desde Adeslas disponemos de las mejores ofertas en seguros de salud con las que te sentir\u00e1s protegido en cualquier circunstancia de tu vida.<\/p>\n<p>No hay nada mejor como estar bien de salud y, por este motivo, es importante contar con una aseguradora que, por un dinero muy asequible, puedas garantizarte la m\u00e1xima protecci\u00f3n y seguridad. Esto es lo que te ofrecemos en Adeslas, una empresa 100% especializada en seguros de salud que te garantiza los mejores precios del mercado para que tanto t\u00fa como tu familia est\u00e9is protegidos.<\/div><div class=\"false toggle-title nz-clearfix\"><span class=\"toggle-title-header\"><span>Seguros de salud y dental<\/span><\/span><span class=\"arrow icon-plus4\"><\/span><\/div> <div id=\"seguros-de-salud-y-dental\" class=\"toggle-content nz-clearfix\"><\/p>\n<h2>Seguros de salud y dental para aut\u00f3nomos y empresas<\/h2>\n<p>Disponemos de una gran variedad de seguros dentales para aut\u00f3nomos y para empresas que quieran proteger la salud bucodental de sus trabajadores. En Adeslas disponemos de diferentes ofertas con coberturas muy distintas que tienes que conocer. Son las siguientes:<\/p>\n<ul>\n<li><strong>Cobertura dental<\/strong>: en estos seguros dentales para empresas y aut\u00f3nomos se incluyen las limpiezas de boca, las radiograf\u00edas, los diagn\u00f3sticos, las urgencias, etc\u00e9tera. Adem\u00e1s, siendo titular de esta p\u00f3liza conseguir\u00e1s un descuento del 40 o 50% en tus tratamientos bucodentales.<\/li>\n<li><strong>Asistencia Sanitaria en el extranjero<\/strong>: dentro de nuestras ofertas para seguros dentales de aut\u00f3nomos y empresas tambi\u00e9n destacamos que la posibilidad de que el seguro te cubra los gastos m\u00e9dicos en el extranjero, as\u00ed como los quir\u00fargicos, los farmac\u00e9uticos o los de hospitalizaci\u00f3n. Te cubrimos hasta 12.000\u20ac\/a\u00f1o.<\/li>\n<\/ul>\n<p>Con Adeslas podr\u00e1s realizar tu actividad laboral con total garant\u00eda y seguridad sabiendo que tu salud est\u00e1 en buenas manos.<\/p>\n<p><\/div><div class=\"false toggle-title nz-clearfix\"><span class=\"toggle-title-header\"><span>Coberturas para Pymes y aut\u00f3nomos<\/span><\/span><span class=\"arrow icon-plus4\"><\/span><\/div> <div id=\"coberturas-para-pymes-y-autonomos\" class=\"toggle-content nz-clearfix\"><\/p>\n<h2>Todas las coberturas para aut\u00f3nomos y empresas<\/h2>\n<p>Dependiendo del tipo de seguro que est\u00e9s buscando, tienes que saber que en Adeslas contamos con una gran variedad en seguros de salud para empresas como los que te contamos a continuaci\u00f3n:<\/p>\n<ul>\n<li><strong>Medicina General y Pediatr\u00eda<\/strong>: esta p\u00f3liza cubrir\u00e1 las consultas que se tengan acerca de medicina general as\u00ed como pediatr\u00eda, puericultura o enfermer\u00eda<\/li>\n<li><strong>Especialidades<\/strong>: si lo deseas, los seguros para empresas tambi\u00e9n se pueden centrar en especialidades como ginecolog\u00eda, oftalmolog\u00eda, dermatolog\u00eda, cardiolog\u00eda y oncolog\u00eda<\/li>\n<li><strong>Medios de diagn\u00f3stico<\/strong>: los seguros de Adeslas pueden incluir an\u00e1lisis cl\u00ednicos, mamograf\u00edas, pruebas gen\u00e9ticas, estudios radiogr\u00e1ficos, etc\u00e9tera<\/li>\n<li><strong>Hospitalizaci\u00f3n:<\/strong> tambi\u00e9n pueden cubrir los gastos de hospitalizaci\u00f3n as\u00ed como la ambulancia o la UVI<\/li>\n<li>\u200b<strong>Parto y embarazo<\/strong>: en Adeslas tambi\u00e9n aseguramos la salud de la mam\u00e1 y el beb\u00e9, por ello, en nuestros seguros para empresas se pueden incluir coberturas para el parto, las pruebas prenatales, la preparaci\u00f3n al parto, etc\u00e9tera<\/li>\n<li><strong>Trasplantes<\/strong>: otro de los tipos de seguros que puedes contratar con nosotros es aquel que cubre los gastos de trasplantes de diferentes tipos (c\u00f3rnea, m\u00e9dula&#8230;)<\/li>\n<\/ul>\n<p>Estos seguro tambi\u00e9n est\u00e1n disponibles para personas aut\u00f3nomas que desarrollen de forma individual su actividad laboral.<\/div><\/div> [\/vc_column][\/vc_row]<\/p>\n<\/div>","protected":false},"excerpt":{"rendered":"<p>[vc_row id=\u00bbmain-heading\u00bb background_color=\u00bb#009ddd\u00bb padding_bottom=\u00bb0&#8243;][vc_column][vc_custom_heading text=\u00bbOfertas en seguros de salud para aut\u00f3nomos y empresas\u00bb font_container=\u00bbtag:h1|text_align:center|color:%23ffffff\u00bb use_theme_fonts=\u00bbyes\u00bb css_animation=\u00bbnone\u00bb css=\u00bb.vc_custom_1671187755157{margin-top: 0px !important;}\u00bb][\/vc_column][\/vc_row][vc_row full_width=\u00bbtrue\u00bb background_image=\u00bb1383&#8243; background_position=\u00bbCenter center\u00bb padding_top=\u00bb65&#8243; padding_bottom=\u00bb65&#8243; el_class=\u00bbalign-items-center\u00bb][vc_column][vc_row_inner][vc_column_inner width=\u00bb1\/2&#8243;][vc_single_image image=\u00bb1385&#8243; img_size=\u00bbfull\u00bb][\/vc_column_inner][vc_column_inner el_class=\u00bbpromoinfo\u00bb width=\u00bb1\/2&#8243;][\/vc_column_inner][\/vc_row_inner][\/vc_column][\/vc_row][vc_row full_width=\u00bbtrue\u00bb background_color=\u00bb#e9eef5&#8243; padding_top=\u00bb30&#8243; padding_bottom=\u00bb0&#8243;][vc_column][vc_row_inner][vc_column_inner][vc_custom_heading text=\u00bbOfertas en seguros para pymes y aut\u00f3nomos\u00bb font_container=\u00bbtag:h2|font_size:32|text_align:center|color:%23009ddd\u00bb use_theme_fonts=\u00bbyes\u00bb][vc_separator color=\u00bbcustom\u00bb border_width=\u00bb2&#8243; el_width=\u00bb80&#8243; accent_color=\u00bb#009ddd\u00bb][\/vc_column_inner][\/vc_row_inner][vc_row_inner][vc_column_inner][vc_column_text pl=\u00bb120&#8243; pr=\u00bb120&#8243;] Si est\u00e1s buscando ofertas en [&hellip;]<\/p>\n","protected":false},"author":1,"featured_media":0,"parent":0,"menu_order":0,"comment_status":"closed","ping_status":"closed","template":"","meta":{"_joinchat":[],"footnotes":""},"class_list":["post-446","page","type-page","status-publish","hentry"],"yoast_head":"<!-- This site is optimized with the Yoast SEO plugin v24.9 - https:\/\/yoast.com\/wordpress\/plugins\/seo\/ -->\n<title>Ofertas en Seguros de Salud para Aut\u00f3nomos y Empresas<\/title>\n<meta name=\"description\" content=\"Las mejores ofertas en seguros de salud y dental para aut\u00f3nomos y empresas. Somos agentes exclusivos de la marca l\u00edder en seguros de salud.\" \/>\n<meta name=\"robots\" content=\"index, follow, max-snippet:-1, max-image-preview:large, max-video-preview:-1\" \/>\n<link rel=\"canonical\" href=\"https:\/\/www.ofertassegurossalud.com\/es\/autonomos-empresas\/\" \/>\n<meta property=\"og:locale\" content=\"es_ES\" \/>\n<meta property=\"og:type\" content=\"article\" \/>\n<meta property=\"og:title\" content=\"Ofertas en Seguros de Salud para Aut\u00f3nomos y Empresas\" \/>\n<meta property=\"og:description\" content=\"Las mejores ofertas en seguros de salud y dental para aut\u00f3nomos y empresas. Somos agentes exclusivos de la marca l\u00edder en seguros de salud.\" \/>\n<meta property=\"og:url\" content=\"https:\/\/www.ofertassegurossalud.com\/es\/autonomos-empresas\/\" \/>\n<meta property=\"og:site_name\" content=\"Ofertas Seguros Salud\" \/>\n<meta property=\"article:modified_time\" content=\"2025-07-31T07:10:31+00:00\" \/>\n<meta name=\"twitter:card\" content=\"summary_large_image\" \/>\n<meta name=\"twitter:label1\" content=\"Tiempo de lectura\" \/>\n\t<meta name=\"twitter:data1\" content=\"4 minutos\" \/>\n<script type=\"application\/ld+json\" class=\"yoast-schema-graph\">{\"@context\":\"https:\/\/schema.org\",\"@graph\":[{\"@type\":\"WebPage\",\"@id\":\"https:\/\/www.ofertassegurossalud.com\/es\/autonomos-empresas\/\",\"url\":\"https:\/\/www.ofertassegurossalud.com\/es\/autonomos-empresas\/\",\"name\":\"Ofertas en Seguros de Salud para Aut\u00f3nomos y Empresas\",\"isPartOf\":{\"@id\":\"https:\/\/www.ofertassegurossalud.com\/es\/#website\"},\"datePublished\":\"2017-09-21T09:52:53+00:00\",\"dateModified\":\"2025-07-31T07:10:31+00:00\",\"description\":\"Las mejores ofertas en seguros de salud y dental para aut\u00f3nomos y empresas. Somos agentes exclusivos de la marca l\u00edder en seguros de salud.\",\"breadcrumb\":{\"@id\":\"https:\/\/www.ofertassegurossalud.com\/es\/autonomos-empresas\/#breadcrumb\"},\"inLanguage\":\"es\",\"potentialAction\":[{\"@type\":\"ReadAction\",\"target\":[\"https:\/\/www.ofertassegurossalud.com\/es\/autonomos-empresas\/\"]}]},{\"@type\":\"BreadcrumbList\",\"@id\":\"https:\/\/www.ofertassegurossalud.com\/es\/autonomos-empresas\/#breadcrumb\",\"itemListElement\":[{\"@type\":\"ListItem\",\"position\":1,\"name\":\"Portada\",\"item\":\"https:\/\/www.ofertassegurossalud.com\/es\/\"},{\"@type\":\"ListItem\",\"position\":2,\"name\":\"Ofertas en Seguros de Salud para Aut\u00f3nomos y Empresas\"}]},{\"@type\":\"WebSite\",\"@id\":\"https:\/\/www.ofertassegurossalud.com\/es\/#website\",\"url\":\"https:\/\/www.ofertassegurossalud.com\/es\/\",\"name\":\"Ofertas Seguros Salud\",\"description\":\"Tu aseguradora de confianza con la garant\u00eda de calidad\",\"potentialAction\":[{\"@type\":\"SearchAction\",\"target\":{\"@type\":\"EntryPoint\",\"urlTemplate\":\"https:\/\/www.ofertassegurossalud.com\/es\/?s={search_term_string}\"},\"query-input\":{\"@type\":\"PropertyValueSpecification\",\"valueRequired\":true,\"valueName\":\"search_term_string\"}}],\"inLanguage\":\"es\"}]}<\/script>\n<!-- \/ Yoast SEO plugin. -->","yoast_head_json":{"title":"Ofertas en Seguros de Salud para Aut\u00f3nomos y Empresas","description":"Las mejores ofertas en seguros de salud y dental para aut\u00f3nomos y empresas. Somos agentes exclusivos de la marca l\u00edder en seguros de salud.","robots":{"index":"index","follow":"follow","max-snippet":"max-snippet:-1","max-image-preview":"max-image-preview:large","max-video-preview":"max-video-preview:-1"},"canonical":"https:\/\/www.ofertassegurossalud.com\/es\/autonomos-empresas\/","og_locale":"es_ES","og_type":"article","og_title":"Ofertas en Seguros de Salud para Aut\u00f3nomos y Empresas","og_description":"Las mejores ofertas en seguros de salud y dental para aut\u00f3nomos y empresas. Somos agentes exclusivos de la marca l\u00edder en seguros de salud.","og_url":"https:\/\/www.ofertassegurossalud.com\/es\/autonomos-empresas\/","og_site_name":"Ofertas Seguros Salud","article_modified_time":"2025-07-31T07:10:31+00:00","twitter_card":"summary_large_image","twitter_misc":{"Tiempo de lectura":"4 minutos"},"schema":{"@context":"https:\/\/schema.org","@graph":[{"@type":"WebPage","@id":"https:\/\/www.ofertassegurossalud.com\/es\/autonomos-empresas\/","url":"https:\/\/www.ofertassegurossalud.com\/es\/autonomos-empresas\/","name":"Ofertas en Seguros de Salud para Aut\u00f3nomos y Empresas","isPartOf":{"@id":"https:\/\/www.ofertassegurossalud.com\/es\/#website"},"datePublished":"2017-09-21T09:52:53+00:00","dateModified":"2025-07-31T07:10:31+00:00","description":"Las mejores ofertas en seguros de salud y dental para aut\u00f3nomos y empresas. Somos agentes exclusivos de la marca l\u00edder en seguros de salud.","breadcrumb":{"@id":"https:\/\/www.ofertassegurossalud.com\/es\/autonomos-empresas\/#breadcrumb"},"inLanguage":"es","potentialAction":[{"@type":"ReadAction","target":["https:\/\/www.ofertassegurossalud.com\/es\/autonomos-empresas\/"]}]},{"@type":"BreadcrumbList","@id":"https:\/\/www.ofertassegurossalud.com\/es\/autonomos-empresas\/#breadcrumb","itemListElement":[{"@type":"ListItem","position":1,"name":"Portada","item":"https:\/\/www.ofertassegurossalud.com\/es\/"},{"@type":"ListItem","position":2,"name":"Ofertas en Seguros de Salud para Aut\u00f3nomos y Empresas"}]},{"@type":"WebSite","@id":"https:\/\/www.ofertassegurossalud.com\/es\/#website","url":"https:\/\/www.ofertassegurossalud.com\/es\/","name":"Ofertas Seguros Salud","description":"Tu aseguradora de confianza con la garant\u00eda de calidad","potentialAction":[{"@type":"SearchAction","target":{"@type":"EntryPoint","urlTemplate":"https:\/\/www.ofertassegurossalud.com\/es\/?s={search_term_string}"},"query-input":{"@type":"PropertyValueSpecification","valueRequired":true,"valueName":"search_term_string"}}],"inLanguage":"es"}]}},"_links":{"self":[{"href":"https:\/\/www.ofertassegurossalud.com\/es\/wp-json\/wp\/v2\/pages\/446","targetHints":{"allow":["GET"]}}],"collection":[{"href":"https:\/\/www.ofertassegurossalud.com\/es\/wp-json\/wp\/v2\/pages"}],"about":[{"href":"https:\/\/www.ofertassegurossalud.com\/es\/wp-json\/wp\/v2\/types\/page"}],"author":[{"embeddable":true,"href":"https:\/\/www.ofertassegurossalud.com\/es\/wp-json\/wp\/v2\/users\/1"}],"replies":[{"embeddable":true,"href":"https:\/\/www.ofertassegurossalud.com\/es\/wp-json\/wp\/v2\/comments?post=446"}],"version-history":[{"count":137,"href":"https:\/\/www.ofertassegurossalud.com\/es\/wp-json\/wp\/v2\/pages\/446\/revisions"}],"predecessor-version":[{"id":9776,"href":"https:\/\/www.ofertassegurossalud.com\/es\/wp-json\/wp\/v2\/pages\/446\/revisions\/9776"}],"wp:attachment":[{"href":"https:\/\/www.ofertassegurossalud.com\/es\/wp-json\/wp\/v2\/media?parent=446"}],"curies":[{"name":"wp","href":"https:\/\/api.w.org\/{rel}","templated":true}]}}